{"id":57,"date":"2014-02-04T17:44:15","date_gmt":"2014-02-04T16:44:15","guid":{"rendered":"http:\/\/maestronacor.com\/?page_id=57"},"modified":"2014-02-05T16:35:42","modified_gmt":"2014-02-05T15:35:42","slug":"socios","status":"publish","type":"page","link":"https:\/\/maestronacor.com\/?page_id=57","title":{"rendered":"Socios"},"content":{"rendered":"<p><b>SOCIOS DE LA ASOCIACI\u00d3N CULTURAL BANDA DE M\u00daSICA \u201cMAESTRO NACOR BLANCO\u201d<\/b><\/p>\n<p>&nbsp;<\/p>\n<p>La Asociaci\u00f3n Cultural Banda de M\u00fasica \u201cMaestro Nacor Blanco\u201d contempla los siguientes tipos de Socios:<\/p>\n<p>&#8211;\u00a0\u00a0\u00a0\u00a0\u00a0\u00a0\u00a0\u00a0\u00a0 <b>Socios Numerarios<\/b><\/p>\n<p>&#8211;\u00a0\u00a0\u00a0\u00a0\u00a0\u00a0\u00a0\u00a0\u00a0 <b>Socios Colaboradores<\/b><\/p>\n<p>&#8211;\u00a0\u00a0\u00a0\u00a0\u00a0\u00a0\u00a0\u00a0\u00a0 <b>Entidades Colaboradoras<\/b><\/p>\n<p>&#8211;\u00a0\u00a0\u00a0\u00a0\u00a0\u00a0\u00a0\u00a0\u00a0 <b>Socios de Honor<\/b><\/p>\n<p><a href=\"http:\/\/maestronacor.com\/wp-content\/uploads\/2014\/02\/MG_4521.jpg\"><img loading=\"lazy\" decoding=\"async\" class=\" wp-image-120 aligncenter\" alt=\"_MG_4521\" src=\"http:\/\/maestronacor.com\/wp-content\/uploads\/2014\/02\/MG_4521-300x200.jpg\" width=\"300\" height=\"200\" srcset=\"https:\/\/maestronacor.com\/wp-content\/uploads\/2014\/02\/MG_4521-300x200.jpg 300w, https:\/\/maestronacor.com\/wp-content\/uploads\/2014\/02\/MG_4521-1024x682.jpg 1024w\" sizes=\"auto, (max-width: 300px) 100vw, 300px\" \/><\/a><\/p>\n<p><b>SOCIOS NUMERARIOS<\/b><\/p>\n<p>&nbsp;<\/p>\n<p>Ser\u00edan aquellas personas que son miembros activos de la Banda de M\u00fasica y de las agrupaciones filiares integradas dentro de la Asociaci\u00f3n. Ser\u00edan socios con voz y voto en las Asambleas y poseer\u00edan plenitud de derechos.<\/p>\n<p><a href=\"http:\/\/maestronacor.com\/wp-content\/uploads\/2014\/02\/IMG_2942.jpg\"><img loading=\"lazy\" decoding=\"async\" class=\"size-medium wp-image-122 aligncenter\" alt=\"IMG_2942\" src=\"http:\/\/maestronacor.com\/wp-content\/uploads\/2014\/02\/IMG_2942-300x224.jpg\" width=\"300\" height=\"224\" srcset=\"https:\/\/maestronacor.com\/wp-content\/uploads\/2014\/02\/IMG_2942-300x224.jpg 300w, https:\/\/maestronacor.com\/wp-content\/uploads\/2014\/02\/IMG_2942.jpg 709w\" sizes=\"auto, (max-width: 300px) 100vw, 300px\" \/><\/a><\/p>\n<p>No estar\u00edan aqu\u00ed incluidas aquellas personas que se encuentren en periodo de formaci\u00f3n para alcanzar los conocimientos musicales e interpretativos necesarios para poder ser miembros activos de la Banda de M\u00fasica, aunque est\u00e9n participando en la Banda Juvenil \u201cEl Atril\u201d, en la Escuela de M\u00fasica o en las Actividades de Formaci\u00f3n que la Asociaci\u00f3n Cultural organiza, y aunque en determinadas ocasiones participen en algunas de las actividades que la Banda de M\u00fasica o las agrupaciones filiares realizan, como ensayos o actuaciones, se entienden estas participaciones como parte de la formaci\u00f3n requerida para alcanzar el nivel musical exigido.<\/p>\n<p><a href=\"http:\/\/maestronacor.com\/wp-content\/uploads\/2014\/02\/3058038553_11a1841c93_o.jpg\"><img loading=\"lazy\" decoding=\"async\" class=\"size-medium wp-image-123 aligncenter\" alt=\"3058038553_11a1841c93_o\" src=\"http:\/\/maestronacor.com\/wp-content\/uploads\/2014\/02\/3058038553_11a1841c93_o-199x300.jpg\" width=\"199\" height=\"300\" srcset=\"https:\/\/maestronacor.com\/wp-content\/uploads\/2014\/02\/3058038553_11a1841c93_o-199x300.jpg 199w, https:\/\/maestronacor.com\/wp-content\/uploads\/2014\/02\/3058038553_11a1841c93_o-679x1024.jpg 679w, https:\/\/maestronacor.com\/wp-content\/uploads\/2014\/02\/3058038553_11a1841c93_o.jpg 1848w\" sizes=\"auto, (max-width: 199px) 100vw, 199px\" \/><\/a><\/p>\n<p><span style=\"text-decoration: underline;\">Requisitos para ser Socio Numerario:<\/span><\/p>\n<ul>\n<li>Ser mayor de edad,\u00a0 es decir, tener cumplidos los 18 a\u00f1os en el momento de cursar la solicitud. Si no se tiene cumplida la mayor\u00eda de edad, tener un consentimiento escrito (<i>modelo<\/i>) en el que el tutor\/a legal del aspirante da el consentimiento para pertenecer a la Asociaci\u00f3n Cultural y participar de manera activa en aquellas actividades que \u00e9sta desarrolle.<\/li>\n<li>Poseer los conocimientos musicales necesarios para formar parte de la Banda de M\u00fasica. Para ello, el director musical de la Banda de M\u00fasica, como asesor y responsable musical de la Asociaci\u00f3n Cultural, remitir\u00e1 informe favorable o no sobre este aspecto.<\/li>\n<li>No haberse manifestado o haber realizado declaraciones en contra de la Asociaci\u00f3n Cultural o de cualquiera de las agrupaciones musicales que \u00e9sta integra, as\u00ed como no haber realizado actuaciones manifiestas en contra de esta Asociaci\u00f3n o sus agrupaciones musicales.<\/li>\n<\/ul>\n<p>&nbsp;<\/p>\n<p><b><span style=\"text-decoration: underline;\">Procedimiento de Admisi\u00f3n de Socios Numerarios<\/span><\/b><\/p>\n<p>&nbsp;<\/p>\n<ul>\n<li>Los aspirantes a socios numerarios deber\u00e1n presentar una solicitud (<i>modelo<\/i>) en donde deber\u00e1n cumplimentar los datos requeridos. Esta solicitud deber\u00e1 estar avalada al menos por dos socios num\u00e9ricos actuales de la Asociaci\u00f3n Cultural. La solicitud deber\u00e1 ser enviada por correo ordinario a la direcci\u00f3n indicada en el modelo de solicitud facilitado por la Junta Directiva de la Asociaci\u00f3n Cultural, junto con el informe favorable del director musical y,\u00a0 en su caso, con el consentimiento escrito del tutor\/a legal. <i>(modelo)<\/i><\/li>\n<li>La Junta Directiva recibir\u00e1 las solicitudes enviadas, comprobando que cumplen todos los requisitos necesarios. En el plazo de quince d\u00edas desde la recepci\u00f3n de la solicitud, la Junta Directiva responder\u00e1 por correo ordinario a los aspirantes sobre la admisi\u00f3n o no de la solicitud, argumentando, en este \u00faltimo caso, los motivos por los cu\u00e1les no se lleva a tr\u00e1mite la solicitud presentada.<\/li>\n<li>En la siguiente Asamblea Ordinaria a celebrar despu\u00e9s de la fecha de la admisi\u00f3n de la solicitud, se tratar\u00e1 como uno de los puntos del Orden del D\u00eda, en el caso de existir solicitudes, la \u201cAdmisi\u00f3n de Nuevos Socios Numerarios\u201d. La Junta Directiva presentar\u00e1 a la Asamblea las solicitudes presentadas y admitidas a tr\u00e1mite, siendo la Asamblea General la que apruebe o no la admisi\u00f3n como Socios Numerarios de cada una de las solicitudes presentadas.<\/li>\n<li>En un\u00a0 plazo no superior a quince d\u00edas posteriores a la fecha de realizaci\u00f3n de la Asamblea General Ordinaria, la Junta Directiva comunicar\u00e1 a los aspirantes su admisi\u00f3n o no en la Asociaci\u00f3n Cultural como Socios Numerarios.<\/li>\n<li>Desde la fecha de comunicaci\u00f3n por parte de la Junta Directiva de la aceptaci\u00f3n como Socio Numerario de la Asociaci\u00f3n Cultural, el aspirante tendr\u00e1 un periodo m\u00e1ximo de quince d\u00edas para formalizar su admisi\u00f3n por los cauces que la Junta Directiva establezca para ello, debiendo cumplimentar en todo caso el compromiso de pertenencia a la Asociaci\u00f3n Cultural como Socio Numerario (<i>modelo<\/i>), as\u00ed como la ficha de datos personales (<i>modelo<\/i>).<\/li>\n<li>Durante el periodo correspondiente entre la admisi\u00f3n de la solicitud hasta la formalizaci\u00f3n definitiva como Socio Numerario, la Junta Directiva indicar\u00e1 el modo de en qu\u00e9 los aspirantes podr\u00e1n participar en las actividades que realice a cabo la Asociaci\u00f3n Cultural.<\/li>\n<\/ul>\n<p>&nbsp;<\/p>\n<p><b>SOCIOS COLABORADORES<\/b><\/p>\n<p><b>\u00a0<\/b><\/p>\n<p>Ser\u00edan aquellas personas que contribuyan con la Asociaci\u00f3n Cultural mediante el pago de una cuota, sin voz ni voto en las Asambleas, teniendo \u00fanicamente derecho a una serie de ventajas establecidas por la Asamblea General, basadas principalmente a la asistencia y participaci\u00f3n en algunas de las actividades organizadas por la Asociaci\u00f3n Cultural.<\/p>\n<p><a href=\"http:\/\/maestronacor.com\/wp-content\/uploads\/2014\/02\/MG_3489.jpg\"><img loading=\"lazy\" decoding=\"async\" class=\"size-medium wp-image-124 aligncenter\" alt=\"_MG_3489\" src=\"http:\/\/maestronacor.com\/wp-content\/uploads\/2014\/02\/MG_3489-300x216.jpg\" width=\"300\" height=\"216\" srcset=\"https:\/\/maestronacor.com\/wp-content\/uploads\/2014\/02\/MG_3489-300x216.jpg 300w, https:\/\/maestronacor.com\/wp-content\/uploads\/2014\/02\/MG_3489-1024x739.jpg 1024w\" sizes=\"auto, (max-width: 300px) 100vw, 300px\" \/><\/a><\/p>\n<p><span style=\"text-decoration: underline;\">Condiciones y ventajas de los Socios Colaboradores<\/span><\/p>\n<ul>\n<li>Los socios colaboradores deber\u00e1n realizar el pago de una cuota m\u00ednima anual de 10 euros.<\/li>\n<li>Los beneficios m\u00ednimos de los que podr\u00e1n\u00a0 disfrutar los Socios Colaboradores ser\u00e1n los siguientes:\n<ul>\n<li>Asistencia a dos conciertos anuales organizados por nuestra Asociaci\u00f3n exclusivos para los Socios Colaboradores, en fechas en torno a la\u00a0 Semana Santa el primero (concierto de marchas f\u00fanebres), y Navidad el segundo.<\/li>\n<li>Descuento de un 10% en la compra de los discos o publicaciones impresas realizadas y publicadas por nuestra Asociaci\u00f3n (con un m\u00e1ximo de dos unidades por socio).<\/li>\n<li>Prioridad en la participaci\u00f3n en las Actividades de Formaci\u00f3n, en base a las plazas y a las condiciones establecidas por la Junta Directiva y la Asociaci\u00f3n Cultural.<\/li>\n<li>Participaci\u00f3n en el resto de actividades organizadas desde la Asociaci\u00f3n Cultural en los t\u00e9rminos y condiciones que establezca la Junta Directiva (otros conciertos o actos, viajes, cenas, celebraciones,\u2026)<\/li>\n<li>Entrega de una publicaci\u00f3n peri\u00f3dica impresa sobre noticias y temas musicales, culturales, y aquellos otros relacionados con nuestra Asociaci\u00f3n.<\/li>\n<\/ul>\n<\/li>\n<\/ul>\n<p><a href=\"http:\/\/maestronacor.com\/wp-content\/uploads\/2014\/02\/Agrupa2.jpg\"><img loading=\"lazy\" decoding=\"async\" class=\"size-medium wp-image-83 aligncenter\" alt=\"Agrupa2\" src=\"http:\/\/maestronacor.com\/wp-content\/uploads\/2014\/02\/Agrupa2-300x162.jpg\" width=\"300\" height=\"162\" srcset=\"https:\/\/maestronacor.com\/wp-content\/uploads\/2014\/02\/Agrupa2-300x162.jpg 300w, https:\/\/maestronacor.com\/wp-content\/uploads\/2014\/02\/Agrupa2.jpg 911w\" sizes=\"auto, (max-width: 300px) 100vw, 300px\" \/><\/a><\/p>\n<p><b><span style=\"text-decoration: underline;\">Requisitos y procedimiento de admisi\u00f3n de Socios Colaboradores<\/span><\/b><\/p>\n<ul>\n<li>No existen requisitos previos para poder ser socio colaborador, excepto el cumplimiento de las condiciones arriba especificadas y\u00a0 los expuestos en el siguiente procedimiento de admisi\u00f3n.<\/li>\n<li>Remitir hoja de inscripci\u00f3n (modelo) a la Asociaci\u00f3n Cultural, bien mediante correo ordinario, a trav\u00e9s de correo electr\u00f3nico, o entreg\u00e1ndoselo directamente al responsable designado por la Junta Directiva.<\/li>\n<li>Realizar el pago bien a trav\u00e9s de ingreso en la cuenta habilitada por la Asociaci\u00f3n Cultural, mediante transferencia bancaria, o directamente al responsable designado por la Junta Directiva.<\/li>\n<li>Una vez entregada la solicitud y realizado el pago, la persona interesada pasar\u00e1 a ser autom\u00e1ticamente socio colaborador de la Asociaci\u00f3n Cultural Banda de M\u00fasica \u201cMaestro Nacor Blanco\u201d.<\/li>\n<\/ul>\n<p>&nbsp;<\/p>\n<p><b><span style=\"text-decoration: underline;\">ENTIDADES COLABORADORAS<\/span><\/b><\/p>\n<p><b>\u00a0<\/b><\/p>\n<p>Ser\u00edan aquellas que colaboren con la Asociaci\u00f3n en los t\u00e9rminos y condiciones que se establezcan por ambas partes. En ning\u00fan caso tendr\u00e1n derecho a voz y voto en las Asambleas Generales.<\/p>\n<p>&nbsp;<\/p>\n<p><b><span style=\"text-decoration: underline;\">Listado de Entidades Colaboradoras<\/span><\/b><\/p>\n<p>&nbsp;<\/p>\n<p><b><span style=\"text-decoration: underline;\">SOCIOS HONOR\u00cdFICOS<\/span><\/b><\/p>\n<p>&nbsp;<\/p>\n<p>T\u00edtulo honor\u00edfico por el que se reconocen los m\u00e9ritos de determinas instituciones o personas con la Asociaci\u00f3n Cultural. No establece ning\u00fan tipo de derecho, ni voz ni voto en las Asambleas Generales, constituy\u00e9ndose como un simple reconocimiento, aunque en la medida de las posibilidades, se procurar\u00e1 informar e invitar a la participaci\u00f3n en aquellas actividades que estime la Junta Directiva en los t\u00e9rminos y condiciones fijadas por esta.<\/p>\n<p>&nbsp;<\/p>\n<p><b><span style=\"text-decoration: underline;\">Procedimiento para el nombramiento de Socios Honor\u00edficos<\/span><\/b><\/p>\n<p>De entre las propuestas o sugerencias remitidas a la Junta Directiva de la Asociaci\u00f3n Cultural, una vez analizadas estas, la Junta Directiva propondr\u00e1 anualmente en una de las Asambleas, bien de car\u00e1cter ordinario o extraordinario, antes del mes de Noviembre, quien o quienes son los candidatos, siendo la Asamblea quien realice la elecci\u00f3n.<\/p>\n<p>&nbsp;<\/p>\n<p>Una vez finalizada la Asamblea, la Junta Directiva comunicar\u00e1 dicho nombramiento a la persona o instituci\u00f3n seleccionada, indic\u00e1ndole cu\u00e1ndo y d\u00f3nde le ser\u00e1 entregado este reconocimiento, que de manera habitual se realizar\u00e1 durante el mes de Noviembre, en uno de los actos programados por la Asociaci\u00f3n Cultural para la celebraci\u00f3n de la Festividad de Santa Cecilia.<\/p>\n<p><a href=\"http:\/\/maestronacor.com\/wp-content\/uploads\/2014\/02\/MG_1086.jpg\"><img loading=\"lazy\" decoding=\"async\" class=\"size-medium wp-image-127 aligncenter\" alt=\"_MG_1086\" src=\"http:\/\/maestronacor.com\/wp-content\/uploads\/2014\/02\/MG_1086-300x193.jpg\" width=\"300\" height=\"193\" srcset=\"https:\/\/maestronacor.com\/wp-content\/uploads\/2014\/02\/MG_1086-300x193.jpg 300w, https:\/\/maestronacor.com\/wp-content\/uploads\/2014\/02\/MG_1086-1024x661.jpg 1024w\" sizes=\"auto, (max-width: 300px) 100vw, 300px\" \/><\/a><\/p>\n<p><b><span style=\"text-decoration: underline;\">Socios Honor\u00edficos actuales de la Asociaci\u00f3n Cultural Banda de M\u00fasica \u201cMaestro Nacor Blanco\u201d<\/span><\/b><\/p>\n<p>&nbsp;<\/p>\n<ul>\n<li>Cofrad\u00eda de la Virgen de la Salud de Zamora (2008).<\/li>\n<li>Hermanos de Paso del grupo escult\u00f3rico \u201cEl Descendido\u201d de la Real Cofrad\u00eda del Santo Entierro de Zamora (2008).<\/li>\n<li>Cofrad\u00eda de Jes\u00fas Nazareno de Zamora (2009).<\/li>\n<li>Junta Pro Semana Santa de Zamora(2011).<\/li>\n<li>Instituto de Estudios Zamoranos \u201cFlori\u00e1n de Ocampo\u201d de Zamora (2011).<\/li>\n<\/ul>\n<p><a href=\"http:\/\/maestronacor.com\/wp-content\/uploads\/2014\/02\/Agrupa3.jpg\"><img loading=\"lazy\" decoding=\"async\" class=\"size-medium wp-image-85 aligncenter\" alt=\"Agrupa3\" src=\"http:\/\/maestronacor.com\/wp-content\/uploads\/2014\/02\/Agrupa3-300x200.jpg\" width=\"300\" height=\"200\" srcset=\"https:\/\/maestronacor.com\/wp-content\/uploads\/2014\/02\/Agrupa3-300x200.jpg 300w, https:\/\/maestronacor.com\/wp-content\/uploads\/2014\/02\/Agrupa3.jpg 720w\" sizes=\"auto, (max-width: 300px) 100vw, 300px\" \/><\/a><\/p>\n","protected":false},"excerpt":{"rendered":"<p>SOCIOS DE LA ASOCIACI\u00d3N CULTURAL BANDA DE M\u00daSICA \u201cMAESTRO NACOR BLANCO\u201d &nbsp; La Asociaci\u00f3n Cultural Banda de M\u00fasica \u201cMaestro Nacor Blanco\u201d contempla los siguientes tipos de Socios: &#8211;\u00a0\u00a0\u00a0\u00a0\u00a0\u00a0\u00a0\u00a0\u00a0 Socios Numerarios &#8211;\u00a0\u00a0\u00a0\u00a0\u00a0\u00a0\u00a0\u00a0\u00a0 Socios Colaboradores &#8211;\u00a0\u00a0\u00a0\u00a0\u00a0\u00a0\u00a0\u00a0\u00a0 Entidades Colaboradoras &#8211;\u00a0\u00a0\u00a0\u00a0\u00a0\u00a0\u00a0\u00a0\u00a0 Socios de Honor SOCIOS NUMERARIOS &nbsp; Ser\u00edan aquellas personas que son miembros activos de la Banda de M\u00fasica [&hellip;]<\/p>\n","protected":false},"author":1,"featured_media":0,"parent":0,"menu_order":0,"comment_status":"closed","ping_status":"closed","template":"","meta":{"footnotes":""},"class_list":["post-57","page","type-page","status-publish","hentry"],"jetpack_sharing_enabled":true,"_links":{"self":[{"href":"https:\/\/maestronacor.com\/index.php?rest_route=\/wp\/v2\/pages\/57","targetHints":{"allow":["GET"]}}],"collection":[{"href":"https:\/\/maestronacor.com\/index.php?rest_route=\/wp\/v2\/pages"}],"about":[{"href":"https:\/\/maestronacor.com\/index.php?rest_route=\/wp\/v2\/types\/page"}],"author":[{"embeddable":true,"href":"https:\/\/maestronacor.com\/index.php?rest_route=\/wp\/v2\/users\/1"}],"replies":[{"embeddable":true,"href":"https:\/\/maestronacor.com\/index.php?rest_route=%2Fwp%2Fv2%2Fcomments&post=57"}],"version-history":[{"count":9,"href":"https:\/\/maestronacor.com\/index.php?rest_route=\/wp\/v2\/pages\/57\/revisions"}],"predecessor-version":[{"id":130,"href":"https:\/\/maestronacor.com\/index.php?rest_route=\/wp\/v2\/pages\/57\/revisions\/130"}],"wp:attachment":[{"href":"https:\/\/maestronacor.com\/index.php?rest_route=%2Fwp%2Fv2%2Fmedia&parent=57"}],"curies":[{"name":"wp","href":"https:\/\/api.w.org\/{rel}","templated":true}]}}